{"id":1924,"date":"2019-06-09T22:35:21","date_gmt":"2019-06-09T20:35:21","guid":{"rendered":"http:\/\/houssiere.eu\/?page_id=1924"},"modified":"2019-06-11T08:48:28","modified_gmt":"2019-06-11T06:48:28","slug":"la-thoracique-de-la-houssiere-8-juin-2019","status":"publish","type":"page","link":"https:\/\/houssiere.eu\/index.php\/actualite\/la-thoracique-de-la-houssiere-8-juin-2019\/","title":{"rendered":"La Thoracique de la Houssi\u00e8re &#8211; 8 juin 2019"},"content":{"rendered":"<p>Ce 8 juin 2019, le climat belge \u00e9tait sur toutes les l\u00e8vres\u00a0: la temp\u00eate Miguel secouait les arbres du bois de la Houssi\u00e8re et en a dissuad\u00e9 plus d&rsquo;un de venir courir cette 1\u00e8re Thoracique de la Houssi\u00e8re. Heureusement, le vent s&rsquo;est calm\u00e9 et le soleil a perc\u00e9 le temps du d\u00e9part.<\/p>\n<p><img loading=\"lazy\" decoding=\"async\" class=\"aligncenter size-full wp-image-1926\" src=\"http:\/\/houssiere.eu\/wp-content\/uploads\/2019\/06\/depart01.jpg\" alt=\"\" width=\"948\" height=\"632\" srcset=\"https:\/\/houssiere.eu\/wp-content\/uploads\/2019\/06\/depart01.jpg 948w, https:\/\/houssiere.eu\/wp-content\/uploads\/2019\/06\/depart01-300x200.jpg 300w, https:\/\/houssiere.eu\/wp-content\/uploads\/2019\/06\/depart01-768x512.jpg 768w, https:\/\/houssiere.eu\/wp-content\/uploads\/2019\/06\/depart01-450x300.jpg 450w\" sizes=\"auto, (max-width: 948px) 100vw, 948px\" \/> <img loading=\"lazy\" decoding=\"async\" class=\"aligncenter size-large wp-image-1927\" src=\"http:\/\/houssiere.eu\/wp-content\/uploads\/2019\/06\/depart02.jpg\" alt=\"\" width=\"584\" height=\"553\" srcset=\"https:\/\/houssiere.eu\/wp-content\/uploads\/2019\/06\/depart02.jpg 658w, https:\/\/houssiere.eu\/wp-content\/uploads\/2019\/06\/depart02-300x284.jpg 300w, https:\/\/houssiere.eu\/wp-content\/uploads\/2019\/06\/depart02-317x300.jpg 317w\" sizes=\"auto, (max-width: 584px) 100vw, 584px\" \/><\/p>\n<p>Charles Brusten, le vainqueur du 6 km, est arriv\u00e9 sous une pluie battante tandis que Mathieu Boudart, le vainqueur du 12 km, franchissait la ligne sous un soleil radieux\u00a0.<\/p>\n<p>Chez les Dames, Doroth\u00e9e Brusselmans sur les 12 km et Anne Deville sur les 6 km sont les laur\u00e9ates de La Thoracique de la Houssi\u00e8re.<\/p>\n<p>Veuillez cliquer sur la distance pour le classement du\u00a0 <a href=\"http:\/\/www.jogging.org\/assets\/classements\/2019\/2019-06-08_La%20Thoracique%20de%20la%20Houssiere_Braine-Le-Comte_5.800.pdf\">6 km<\/a>\u00a0 et du\u00a0<a href=\"http:\/\/www.jogging.org\/assets\/classements\/2019\/2019-06-08_La%20Thoracique%20de%20la%20Houssiere_Braine-Le-Comte_11.350.pdf\">12 km<\/a>\u00a0 .<\/p>\n<p>Ainsi que sur leurs pr\u00e9noms pour les photos de <a href=\"https:\/\/photos.app.goo.gl\/hFHxb1PzTJF7DKpP7\">Danielle <\/a> , de <a href=\"https:\/\/www.flickr.com\/gp\/108180753@N02\/17ho6V\">St\u00e9phane<\/a> ou sur le site de papi-et pour les photos d&rsquo; <a href=\"https:\/\/photos.google.com\/share\/AF1QipPsKaehqmZxp8nqBH7WH_H24i7TX4svnn8XBfzxBcNDVFOjTYoeUUgwxbgPdd2_Sw?key=Y25IQ3d0UGJwSzZQSHl3UjhIU0tHb3ZzMVF0aTBR\">Alex <\/a>.<\/p>\n<p>Merci aux photographes!<\/p>\n<p><img loading=\"lazy\" decoding=\"async\" class=\"aligncenter size-full wp-image-1930\" src=\"http:\/\/houssiere.eu\/wp-content\/uploads\/2019\/06\/arrivee.jpg\" alt=\"\" width=\"662\" height=\"629\" srcset=\"https:\/\/houssiere.eu\/wp-content\/uploads\/2019\/06\/arrivee.jpg 662w, https:\/\/houssiere.eu\/wp-content\/uploads\/2019\/06\/arrivee-300x285.jpg 300w, https:\/\/houssiere.eu\/wp-content\/uploads\/2019\/06\/arrivee-316x300.jpg 316w\" sizes=\"auto, (max-width: 662px) 100vw, 662px\" \/> <img loading=\"lazy\" decoding=\"async\" class=\"aligncenter size-large wp-image-1931\" src=\"http:\/\/houssiere.eu\/wp-content\/uploads\/2019\/06\/doyen.jpg\" alt=\"\" width=\"584\" height=\"389\" srcset=\"https:\/\/houssiere.eu\/wp-content\/uploads\/2019\/06\/doyen.jpg 948w, https:\/\/houssiere.eu\/wp-content\/uploads\/2019\/06\/doyen-300x200.jpg 300w, https:\/\/houssiere.eu\/wp-content\/uploads\/2019\/06\/doyen-768x512.jpg 768w, https:\/\/houssiere.eu\/wp-content\/uploads\/2019\/06\/doyen-450x300.jpg 450w\" sizes=\"auto, (max-width: 584px) 100vw, 584px\" \/> <img loading=\"lazy\" decoding=\"async\" class=\"aligncenter size-large wp-image-1932\" src=\"http:\/\/houssiere.eu\/wp-content\/uploads\/2019\/06\/plaisir-de-courir.jpg\" alt=\"\" width=\"584\" height=\"389\" srcset=\"https:\/\/houssiere.eu\/wp-content\/uploads\/2019\/06\/plaisir-de-courir.jpg 948w, https:\/\/houssiere.eu\/wp-content\/uploads\/2019\/06\/plaisir-de-courir-300x200.jpg 300w, https:\/\/houssiere.eu\/wp-content\/uploads\/2019\/06\/plaisir-de-courir-768x512.jpg 768w, https:\/\/houssiere.eu\/wp-content\/uploads\/2019\/06\/plaisir-de-courir-450x300.jpg 450w\" sizes=\"auto, (max-width: 584px) 100vw, 584px\" \/> <img loading=\"lazy\" decoding=\"async\" class=\"aligncenter size-large wp-image-1933\" src=\"http:\/\/houssiere.eu\/wp-content\/uploads\/2019\/06\/plaisir-de-courir2.jpg\" alt=\"\" width=\"584\" height=\"389\" srcset=\"https:\/\/houssiere.eu\/wp-content\/uploads\/2019\/06\/plaisir-de-courir2.jpg 948w, https:\/\/houssiere.eu\/wp-content\/uploads\/2019\/06\/plaisir-de-courir2-300x200.jpg 300w, https:\/\/houssiere.eu\/wp-content\/uploads\/2019\/06\/plaisir-de-courir2-768x512.jpg 768w, https:\/\/houssiere.eu\/wp-content\/uploads\/2019\/06\/plaisir-de-courir2-450x300.jpg 450w\" sizes=\"auto, (max-width: 584px) 100vw, 584px\" \/><img loading=\"lazy\" decoding=\"async\" class=\"aligncenter size-full wp-image-1943\" src=\"http:\/\/houssiere.eu\/wp-content\/uploads\/2019\/06\/anne-deville-vainq-6km.jpg\" alt=\"\" width=\"208\" height=\"466\" srcset=\"https:\/\/houssiere.eu\/wp-content\/uploads\/2019\/06\/anne-deville-vainq-6km.jpg 208w, https:\/\/houssiere.eu\/wp-content\/uploads\/2019\/06\/anne-deville-vainq-6km-134x300.jpg 134w\" sizes=\"auto, (max-width: 208px) 100vw, 208px\" \/> <img loading=\"lazy\" decoding=\"async\" class=\"aligncenter size-large wp-image-1944\" src=\"http:\/\/houssiere.eu\/wp-content\/uploads\/2019\/06\/vainqueure-12-km.jpg\" alt=\"\" width=\"334\" height=\"551\" srcset=\"https:\/\/houssiere.eu\/wp-content\/uploads\/2019\/06\/vainqueure-12-km.jpg 334w, https:\/\/houssiere.eu\/wp-content\/uploads\/2019\/06\/vainqueure-12-km-182x300.jpg 182w\" sizes=\"auto, (max-width: 334px) 100vw, 334px\" \/><\/p>\n<p><img loading=\"lazy\" decoding=\"async\" class=\"aligncenter size-large wp-image-1934\" src=\"http:\/\/houssiere.eu\/wp-content\/uploads\/2019\/06\/vainqueur-6-km.jpg\" alt=\"\" width=\"536\" height=\"564\" srcset=\"https:\/\/houssiere.eu\/wp-content\/uploads\/2019\/06\/vainqueur-6-km.jpg 536w, https:\/\/houssiere.eu\/wp-content\/uploads\/2019\/06\/vainqueur-6-km-285x300.jpg 285w\" sizes=\"auto, (max-width: 536px) 100vw, 536px\" \/> <img loading=\"lazy\" decoding=\"async\" class=\"aligncenter size-large wp-image-1935\" src=\"http:\/\/houssiere.eu\/wp-content\/uploads\/2019\/06\/vainqueur-12-km.jpg\" alt=\"\" width=\"268\" height=\"511\" srcset=\"https:\/\/houssiere.eu\/wp-content\/uploads\/2019\/06\/vainqueur-12-km.jpg 268w, https:\/\/houssiere.eu\/wp-content\/uploads\/2019\/06\/vainqueur-12-km-157x300.jpg 157w\" sizes=\"auto, (max-width: 268px) 100vw, 268px\" \/><\/p>\n<p><img loading=\"lazy\" decoding=\"async\" class=\"aligncenter size-full wp-image-1948\" src=\"http:\/\/houssiere.eu\/wp-content\/uploads\/2019\/06\/podium-12-km-D.jpg\" alt=\"Podium Thoracique\" width=\"748\" height=\"608\" srcset=\"https:\/\/houssiere.eu\/wp-content\/uploads\/2019\/06\/podium-12-km-D.jpg 748w, https:\/\/houssiere.eu\/wp-content\/uploads\/2019\/06\/podium-12-km-D-300x244.jpg 300w, https:\/\/houssiere.eu\/wp-content\/uploads\/2019\/06\/podium-12-km-D-369x300.jpg 369w\" sizes=\"auto, (max-width: 748px) 100vw, 748px\" \/> <img loading=\"lazy\" decoding=\"async\" class=\"aligncenter size-large wp-image-1949\" src=\"http:\/\/houssiere.eu\/wp-content\/uploads\/2019\/06\/podium-12-km.jpg\" alt=\"\" width=\"584\" height=\"424\" srcset=\"https:\/\/houssiere.eu\/wp-content\/uploads\/2019\/06\/podium-12-km.jpg 853w, https:\/\/houssiere.eu\/wp-content\/uploads\/2019\/06\/podium-12-km-300x218.jpg 300w, https:\/\/houssiere.eu\/wp-content\/uploads\/2019\/06\/podium-12-km-768x557.jpg 768w, https:\/\/houssiere.eu\/wp-content\/uploads\/2019\/06\/podium-12-km-413x300.jpg 413w\" sizes=\"auto, (max-width: 584px) 100vw, 584px\" \/> <img loading=\"lazy\" decoding=\"async\" class=\"aligncenter size-large wp-image-1950\" src=\"http:\/\/houssiere.eu\/wp-content\/uploads\/2019\/06\/podium-dames-6km.jpg\" alt=\"\" width=\"584\" height=\"456\" srcset=\"https:\/\/houssiere.eu\/wp-content\/uploads\/2019\/06\/podium-dames-6km.jpg 806w, https:\/\/houssiere.eu\/wp-content\/uploads\/2019\/06\/podium-dames-6km-300x234.jpg 300w, https:\/\/houssiere.eu\/wp-content\/uploads\/2019\/06\/podium-dames-6km-768x599.jpg 768w, https:\/\/houssiere.eu\/wp-content\/uploads\/2019\/06\/podium-dames-6km-384x300.jpg 384w\" sizes=\"auto, (max-width: 584px) 100vw, 584px\" \/><\/p>\n","protected":false},"excerpt":{"rendered":"<p>Ce 8 juin 2019, le climat belge \u00e9tait sur toutes les l\u00e8vres\u00a0: la temp\u00eate Miguel secouait les arbres du bois de la Houssi\u00e8re et en a dissuad\u00e9 plus d&rsquo;un de venir courir cette 1\u00e8re Thoracique de la Houssi\u00e8re. Heureusement, le &hellip; <a href=\"https:\/\/houssiere.eu\/index.php\/actualite\/la-thoracique-de-la-houssiere-8-juin-2019\/\">Continuer la lecture <span class=\"meta-nav\">&rarr;<\/span><\/a><\/p>\n","protected":false},"author":1,"featured_media":0,"parent":1211,"menu_order":0,"comment_status":"closed","ping_status":"closed","template":"","meta":{"jetpack_post_was_ever_published":false,"footnotes":""},"class_list":["post-1924","page","type-page","status-publish","hentry"],"jetpack_sharing_enabled":true,"jetpack_shortlink":"https:\/\/wp.me\/P8shbt-v2","_links":{"self":[{"href":"https:\/\/houssiere.eu\/index.php\/wp-json\/wp\/v2\/pages\/1924","targetHints":{"allow":["GET"]}}],"collection":[{"href":"https:\/\/houssiere.eu\/index.php\/wp-json\/wp\/v2\/pages"}],"about":[{"href":"https:\/\/houssiere.eu\/index.php\/wp-json\/wp\/v2\/types\/page"}],"author":[{"embeddable":true,"href":"https:\/\/houssiere.eu\/index.php\/wp-json\/wp\/v2\/users\/1"}],"replies":[{"embeddable":true,"href":"https:\/\/houssiere.eu\/index.php\/wp-json\/wp\/v2\/comments?post=1924"}],"version-history":[{"count":8,"href":"https:\/\/houssiere.eu\/index.php\/wp-json\/wp\/v2\/pages\/1924\/revisions"}],"predecessor-version":[{"id":1951,"href":"https:\/\/houssiere.eu\/index.php\/wp-json\/wp\/v2\/pages\/1924\/revisions\/1951"}],"up":[{"embeddable":true,"href":"https:\/\/houssiere.eu\/index.php\/wp-json\/wp\/v2\/pages\/1211"}],"wp:attachment":[{"href":"https:\/\/houssiere.eu\/index.php\/wp-json\/wp\/v2\/media?parent=1924"}],"curies":[{"name":"wp","href":"https:\/\/api.w.org\/{rel}","templated":true}]}}